{"id":115,"date":"2016-04-22T00:05:44","date_gmt":"2016-04-21T22:05:44","guid":{"rendered":"http:\/\/www.gruenderkompassrecht.de\/?page_id=115"},"modified":"2026-04-23T11:20:16","modified_gmt":"2026-04-23T09:20:16","slug":"veranstalter","status":"publish","type":"page","link":"https:\/\/www.gruenderkompassrecht.de\/de\/veranstalter\/","title":{"rendered":"Veranstalter"},"content":{"rendered":"\n<style type=\"text\/css\" data-created_by=\"avia_inline_auto\" id=\"style-css-av-5i0awz-f1e125aec2b42f37dbecce0e350bd0d5\">\n#top .av-special-heading.av-5i0awz-f1e125aec2b42f37dbecce0e350bd0d5{\npadding-bottom:10px;\n}\nbody .av-special-heading.av-5i0awz-f1e125aec2b42f37dbecce0e350bd0d5 .av-special-heading-tag .heading-char{\nfont-size:25px;\n}\n.av-special-heading.av-5i0awz-f1e125aec2b42f37dbecce0e350bd0d5 .av-subheading{\nfont-size:15px;\n}\n<\/style>\n<div  class='av-special-heading av-5i0awz-f1e125aec2b42f37dbecce0e350bd0d5 av-special-heading-h3  avia-builder-el-0  el_before_av_partner  avia-builder-el-first '><h3 class='av-special-heading-tag'  itemprop=\"headline\"  >Referenten<\/h3><div class=\"special-heading-border\"><div class=\"special-heading-inner-border\"><\/div><\/div><\/div>\n\n<style type=\"text\/css\" data-created_by=\"avia_inline_auto\" id=\"style-css-av-jc7cz-de08b269dae8c08e8959d1e68ebcb49d\">\n.avia-logo-element-container.av-jc7cz-de08b269dae8c08e8959d1e68ebcb49d .av-partner-fake-img{\nbackground-size:cover;\n}\n<\/style>\n<div   data-autoplay='false'  data-interval='5'  data-animation='slide'  class='avia-logo-element-container av-jc7cz-de08b269dae8c08e8959d1e68ebcb49d avia-logo-grid avia-content-slider avia-smallarrow-slider avia-content-grid-active noHover avia-content-slider-odd  avia-builder-el-1  el_after_av_heading  el_before_av_hr  avia-content-slider1'><div class='avia-smallarrow-slider-heading  no-logo-slider-heading '><div class='new-special-heading'>&nbsp;<\/div><\/div><div class=\"avia-content-slider-inner\"><div class=\"slide-entry-wrap\"><div data-avia-tooltip=\"Prof. Dr. Christian Rauda\" class='slide-entry av-l1m9xphc-9976d2688ceca6e60b5c3aa8f4cbe0b8 flex_column no_margin av_one_fifth real-thumbnail post-entry slide-entry-overview slide-loop-1 slide-parity-odd  first'><a href=\"https:\/\/artana.law\/prof-dr-christian-rauda\/\" data-rel='slide-1' class='slide-image' title='' target=\"_blank\" rel=\"noopener noreferrer\"><span class='av-partner-fake-img' style='padding-bottom:100%; background-image:url(https:\/\/www.gruenderkompassrecht.de\/wp-content\/uploads\/2022\/04\/Foto-Rauda-neu-2019-180x180.jpg);'><\/span><\/a><\/div><div data-avia-tooltip=\"Dr. Raoul Dittmar\" class='slide-entry av-502j8b-d7637ab3fbabdf9b8cb4e90851f5ded1 flex_column no_margin av_one_fifth real-thumbnail post-entry slide-entry-overview slide-loop-2 slide-parity-even  '><a href=\"http:\/\/www.dittmar-law.com\/partner\/dr-raoul-dittmar\/\" data-rel='slide-1' class='slide-image' title='' target=\"_blank\" rel=\"noopener noreferrer\"><span class='av-partner-fake-img' style='padding-bottom:100%; background-image:url(https:\/\/www.gruenderkompassrecht.de\/wp-content\/uploads\/2016\/04\/dittmar-180x180.jpg);'><\/span><\/a><\/div><div data-avia-tooltip=\"Bastian Ruge\" class='slide-entry av-4xtd5v-518ee8cf3f03f25514ff64a7700ed0ff flex_column no_margin av_one_fifth real-thumbnail post-entry slide-entry-overview slide-loop-3 slide-parity-odd  '><a href=\"http:\/\/www.rugefehsenfeld.de\/de\/die-partner-bei-ruge-fehsenfeld-hamburg-und-norderstedt\/rechtsanwalt-bastian-ruge.html\" data-rel='slide-1' class='slide-image' title='' target=\"_blank\" rel=\"noopener noreferrer\"><span class='av-partner-fake-img' style='padding-bottom:100%; background-image:url(https:\/\/www.gruenderkompassrecht.de\/wp-content\/uploads\/2016\/04\/09813ef-180x180.jpg);'><\/span><\/a><\/div><div data-avia-tooltip=\"Sascha Fehsenfeld\" class='slide-entry av-gydur-1a808795bb159cbe186d2ed2d017189f flex_column no_margin av_one_fifth real-thumbnail post-entry slide-entry-overview slide-loop-4 slide-parity-even  '><a href=\"http:\/\/www.rugefehsenfeld.de\/de\/die-partner-bei-ruge-fehsenfeld-hamburg-und-norderstedt\/rechtsanwalt-steuerberater-sascha-fehsenfeld.html\" data-rel='slide-1' class='slide-image' title='' target=\"_blank\" rel=\"noopener noreferrer\"><span class='av-partner-fake-img' style='padding-bottom:100%; background-image:url(https:\/\/www.gruenderkompassrecht.de\/wp-content\/uploads\/2016\/05\/RG_Fehsenfeld-180x180.jpg);'><\/span><\/a><\/div><div data-avia-tooltip=\"Dr. Peter Deeg\" class='slide-entry av-gdc4z-abf653a6f5899ee0dfe8f511bd9a6b2b flex_column no_margin av_one_fifth real-thumbnail post-entry slide-entry-overview slide-loop-5 slide-parity-odd post-entry-last '><a href=\"http:\/\/www.rps-stahmer.de\/dr_deeg.html\" data-rel='slide-1' class='slide-image' title='' target=\"_blank\" rel=\"noopener noreferrer\"><span class='av-partner-fake-img' style='padding-bottom:100%; background-image:url(https:\/\/www.gruenderkompassrecht.de\/wp-content\/uploads\/2016\/04\/dr_deeg-180x180.jpg);'><\/span><\/a><\/div><\/div><\/div><\/div>\n<div  class='hr av-4d6gkb-4fc44cefb60706a2952aae3f2cc987e7 hr-default  avia-builder-el-2  el_after_av_partner  el_before_av_heading '><span class='hr-inner '><span class=\"hr-inner-style\"><\/span><\/span><\/div>\n\n<style type=\"text\/css\" data-created_by=\"avia_inline_auto\" id=\"style-css-av-47hg5v-e2e097e6c813a90bc1e9c9863a127135\">\n#top .av-special-heading.av-47hg5v-e2e097e6c813a90bc1e9c9863a127135{\npadding-bottom:10px;\n}\nbody .av-special-heading.av-47hg5v-e2e097e6c813a90bc1e9c9863a127135 .av-special-heading-tag .heading-char{\nfont-size:25px;\n}\n.av-special-heading.av-47hg5v-e2e097e6c813a90bc1e9c9863a127135 .av-subheading{\nfont-size:15px;\n}\n<\/style>\n<div  class='av-special-heading av-47hg5v-e2e097e6c813a90bc1e9c9863a127135 av-special-heading-h3  avia-builder-el-3  el_after_av_hr  el_before_av_one_third '><h3 class='av-special-heading-tag'  itemprop=\"headline\"  >Veranstalter<\/h3><div class=\"special-heading-border\"><div class=\"special-heading-inner-border\"><\/div><\/div><\/div>\n\n<style type=\"text\/css\" data-created_by=\"avia_inline_auto\" id=\"style-css-av-1fuln-18049aa42dda9789893fb2d82733b9e7\">\n.flex_column.av-1fuln-18049aa42dda9789893fb2d82733b9e7{\nborder-radius:0px 0px 0px 0px;\n-webkit-border-radius:0px 0px 0px 0px;\n-moz-border-radius:0px 0px 0px 0px;\n}\n<\/style>\n<div class='flex_column av-1fuln-18049aa42dda9789893fb2d82733b9e7 av_one_third  avia-builder-el-4  el_after_av_heading  el_before_av_two_third  first flex_column_div av-zero-column-padding '   ><style type=\"text\/css\" data-created_by=\"avia_inline_auto\" id=\"style-css-av-3yvjiz-b44408bd5b93679a99d51ae8fb82a049\">\n.avia-image-container.av-3yvjiz-b44408bd5b93679a99d51ae8fb82a049 .av-image-caption-overlay-center{\ncolor:#ffffff;\n}\n<\/style>\n<div  class='avia-image-container av-3yvjiz-b44408bd5b93679a99d51ae8fb82a049 av-styling- avia-align-center  avia-builder-el-5  avia-builder-el-no-sibling '  itemprop=\"image\" itemscope=\"itemscope\" itemtype=\"https:\/\/schema.org\/ImageObject\" ><div class=\"avia-image-container-inner\"><div class=\"avia-image-overlay-wrap\"><img decoding=\"async\" class='wp-image-260 avia-img-lazy-loading-not-260 avia_image' src=\"https:\/\/www.gruenderkompassrecht.de\/wp-content\/uploads\/2018\/03\/BUCERIUS-Entrepreneurs-Club.png\" alt='' title='BUCERIUS Entrepreneurs Club'  height=\"200\" width=\"200\"  itemprop=\"thumbnailUrl\" srcset=\"https:\/\/www.gruenderkompassrecht.de\/wp-content\/uploads\/2018\/03\/BUCERIUS-Entrepreneurs-Club.png 200w, https:\/\/www.gruenderkompassrecht.de\/wp-content\/uploads\/2018\/03\/BUCERIUS-Entrepreneurs-Club-80x80.png 80w, https:\/\/www.gruenderkompassrecht.de\/wp-content\/uploads\/2018\/03\/BUCERIUS-Entrepreneurs-Club-36x36.png 36w, https:\/\/www.gruenderkompassrecht.de\/wp-content\/uploads\/2018\/03\/BUCERIUS-Entrepreneurs-Club-180x180.png 180w, https:\/\/www.gruenderkompassrecht.de\/wp-content\/uploads\/2018\/03\/BUCERIUS-Entrepreneurs-Club-120x120.png 120w\" sizes=\"(max-width: 200px) 100vw, 200px\" \/><\/div><\/div><\/div><\/div>\n\n<style type=\"text\/css\" data-created_by=\"avia_inline_auto\" id=\"style-css-av-3r4irv-9b466e5a0c1f886399bb3bd2620678fc\">\n.flex_column.av-3r4irv-9b466e5a0c1f886399bb3bd2620678fc{\nborder-radius:0px 0px 0px 0px;\n-webkit-border-radius:0px 0px 0px 0px;\n-moz-border-radius:0px 0px 0px 0px;\n}\n<\/style>\n<div class='flex_column av-3r4irv-9b466e5a0c1f886399bb3bd2620678fc av_two_third  avia-builder-el-6  el_after_av_one_third  el_before_av_hr  flex_column_div av-zero-column-padding '   ><section  class='av_textblock_section av-3lcg17-e0186fc41b1991b5370a2fa9c322660a'  itemscope=\"itemscope\" itemtype=\"https:\/\/schema.org\/CreativeWork\" ><div class='avia_textblock'  itemprop=\"text\" ><p>Der <a href=\"https:\/\/www.facebook.com\/bucerius.entrepreneurs\/\">BUCERIUS Entrepreneurs Club<\/a> ist ein Verbund wirtschaftlich und unternehmerisch interessierter Studenten und Absolventen der Hochschule. Es ist das erkl\u00e4rte Ziel, sowohl unseren Mitgliedern als auch unseren Kommilitonen und einer zunehmenden studentischen \u00d6ffentlichkeit die Vielfalt der wirtschaftlichen Themengebiete sowie damit verbundene m\u00f6gliche Karrierewege aufzuzeigen.<\/p>\n<p>Unser Augenmerk gilt gleicherma\u00dfen Mittelst\u00e4ndlern, sogenannten \u201eHidden Champions\u201c, internationalen Gro\u00dfkonzernen, Beratungsunternehmen und insbesondere auch Startup-Unternehmen sowie einer Vielzahl mit diesen verbundener Themen. Unter anderem sind wir stolzes Gr\u00fcndungsmitglied des \u201eGr\u00fcndermagneten\u201c, der Dachverband studentischer Gr\u00fcndungsinitiativen, und damit auch im Bundesverband Deutsche Startups e.V. vertreten.<\/p>\n<p>Unsere Vielzahl erfolgreicher Veranstaltungen hat sich in der Hansestadt mittlerweile fest etabliert. Vortr\u00e4ge, Workshops und Diskussionen, aber auch Exkursionen, zu den Themen Gr\u00fcndung und Unternehmertum sind regelm\u00e4\u00dfig gut besucht. Insbesondere das \u201eUnternehmergespr\u00e4ch\u201c sowie der j\u00e4hrlich stattfindende \u201eBCG-Workshop\u201c erfreuen sich gro\u00dfer Beliebtheit.<\/p>\n<p>Mit dem Initiator unserer Hochschulgruppe, Fabian Heilemann (Gr\u00fcnder des Berliner Startups \u201eDailyDeal\u201c), hat zudem bereits ein Mitglied sehr eindrucksvoll bewiesen, dass sich auch Juristen in der freien Wirtschaft nicht zu verstecken brauchen. Mit dem \u201eBucerius Gr\u00fcnderkompa\u00df Recht\u201c setzen wir die Reihe unserer erfolgreicher Veranstaltungen fort.<\/p>\n<\/div><\/section><\/div>\n<div  class='hr av-3fg957-096cc7a60be4b91ea193c43dd648601e hr-default  avia-builder-el-8  el_after_av_two_third  el_before_av_one_third '><span class='hr-inner '><span class=\"hr-inner-style\"><\/span><\/span><\/div>\n\n<style type=\"text\/css\" data-created_by=\"avia_inline_auto\" id=\"style-css-av-bmc9v-8e7145cc9dd2bd6300df67c4b083d238\">\n.flex_column.av-bmc9v-8e7145cc9dd2bd6300df67c4b083d238{\nborder-radius:0px 0px 0px 0px;\n-webkit-border-radius:0px 0px 0px 0px;\n-moz-border-radius:0px 0px 0px 0px;\n}\n<\/style>\n<div class='flex_column av-bmc9v-8e7145cc9dd2bd6300df67c4b083d238 av_one_third  avia-builder-el-9  el_after_av_hr  el_before_av_two_third  first flex_column_div av-zero-column-padding '   ><style type=\"text\/css\" data-created_by=\"avia_inline_auto\" id=\"style-css-av-325023-833d00d87a915407dc3543a0d154d250\">\n.avia-image-container.av-325023-833d00d87a915407dc3543a0d154d250 .av-image-caption-overlay-center{\ncolor:#ffffff;\n}\n<\/style>\n<div  class='avia-image-container av-325023-833d00d87a915407dc3543a0d154d250 av-styling- avia-align-center  avia-builder-el-10  avia-builder-el-no-sibling '  itemprop=\"image\" itemscope=\"itemscope\" itemtype=\"https:\/\/schema.org\/ImageObject\" ><div class=\"avia-image-container-inner\"><div class=\"avia-image-overlay-wrap\"><img decoding=\"async\" class='wp-image-404 avia-img-lazy-loading-not-404 avia_image' src=\"https:\/\/www.gruenderkompassrecht.de\/wp-content\/uploads\/2026\/04\/dittmargermer-300x217.jpg\" alt='' title='dittmargermer'  height=\"217\" width=\"300\"  itemprop=\"thumbnailUrl\" srcset=\"https:\/\/www.gruenderkompassrecht.de\/wp-content\/uploads\/2026\/04\/dittmargermer-300x217.jpg 300w, https:\/\/www.gruenderkompassrecht.de\/wp-content\/uploads\/2026\/04\/dittmargermer.jpg 664w\" sizes=\"(max-width: 300px) 100vw, 300px\" \/><\/div><\/div><\/div><\/div>\n<style type=\"text\/css\" data-created_by=\"avia_inline_auto\" id=\"style-css-av-ak59v-a10f6270978942375e4bb5de4c366d90\">\n.flex_column.av-ak59v-a10f6270978942375e4bb5de4c366d90{\nborder-radius:0px 0px 0px 0px;\n-webkit-border-radius:0px 0px 0px 0px;\n-moz-border-radius:0px 0px 0px 0px;\n}\n<\/style>\n<div class='flex_column av-ak59v-a10f6270978942375e4bb5de4c366d90 av_two_third  avia-builder-el-11  el_after_av_one_third  el_before_av_hr  flex_column_div av-zero-column-padding '   ><section  class='av_textblock_section av-2rypbv-fe787143a160f5b192ae1e0c12286f4a'  itemscope=\"itemscope\" itemtype=\"https:\/\/schema.org\/CreativeWork\" ><div class='avia_textblock'  itemprop=\"text\" ><p><a href=\"http:\/\/www.dittmargermer.de\">Dittmar Germer<\/a>\u00a0ist eine u.a. auf das Unternehmensrecht spezialisierte Rechtsanwaltskanzlei. Neben der Beratung von mittelst\u00e4ndischen Unternehmen und Unternehmern legen wir einen Schwerpunkt auf die Startup-Beratung.<\/p>\n<p>Wir beraten insbesondere im Gesellschaftsrecht, bei Unternehmensk\u00e4ufen, bei Unternehmensnachfolgen und im Vertragsmanagement sowie bei streitigen Auseinandersetzungen in diesen Bereichen.<\/p>\n<p>Startups unterst\u00fctzt Dittmar Germer beispielsweise bei der Gr\u00fcndung, bei Finanzierungsrunden, im operativen Gesch\u00e4ft und bei dem Exit.<\/p>\n<p>Der Partner Dr. Raoul Dittmar hat mehrere Jahre als Anwalt bei f\u00fchrenden deutschen Wirtschaftskanzleien, u.a. Freshfields Bruckhaus Deringer und Gleiss Lutz, gearbeitet und dort umfassende Erfahrungen in der Beratung namhafter in- und ausl\u00e4ndischer Unternehmen gesammelt.<\/p>\n<p><strong>Dr. Raoul Dittmar<\/strong>, LL.B. (London)<\/p>\n<p>Rechtsanwalt &amp; Notar<\/p>\n<p>Dittmar Germer Rechtsanw\u00e4lte Partnerschaft mbB<\/p>\n<p>Seelhorststr. 58<br \/>\n30175 Hannover<\/p>\n<p>T: +49 511 200 15 10<\/p>\n<p>T: +49 511 200 15 15 (Notariat)<\/p>\n<p>F: +49 511 200 15 177<\/p>\n<p><a href=\"mailto:dittmar@dittmargermer.de\">dittmar@dittmargermer.de<\/a><\/p>\n<p><a href=\"http:\/\/www.dittmargermer.de\/\">www.dittmargermer.de<\/a><\/p>\n<\/div><\/section><\/div><div  class='hr av-2i55pf-0a09ef8997ae6fe7c6d650864da4e19b hr-default  avia-builder-el-13  el_after_av_two_third  el_before_av_one_third '><span class='hr-inner '><span class=\"hr-inner-style\"><\/span><\/span><\/div><\/p>\n\n<style type=\"text\/css\" data-created_by=\"avia_inline_auto\" id=\"style-css-av-2dn1ab-894e5e0abd29bacc8a01a8dd892106b1\">\n.flex_column.av-2dn1ab-894e5e0abd29bacc8a01a8dd892106b1{\nborder-radius:0px 0px 0px 0px;\n-webkit-border-radius:0px 0px 0px 0px;\n-moz-border-radius:0px 0px 0px 0px;\n}\n<\/style>\n<div class='flex_column av-2dn1ab-894e5e0abd29bacc8a01a8dd892106b1 av_one_third  avia-builder-el-14  el_after_av_hr  el_before_av_two_third  first flex_column_div av-zero-column-padding '   ><style type=\"text\/css\" data-created_by=\"avia_inline_auto\" id=\"style-css-av-2asmk3-9322c4c9bd4c02aef3a5649cc9017440\">\n.avia-image-container.av-2asmk3-9322c4c9bd4c02aef3a5649cc9017440 .av-image-caption-overlay-center{\ncolor:#ffffff;\n}\n<\/style>\n<div  class='avia-image-container av-2asmk3-9322c4c9bd4c02aef3a5649cc9017440 av-styling- avia-align-center  avia-builder-el-15  avia-builder-el-no-sibling '  itemprop=\"image\" itemscope=\"itemscope\" itemtype=\"https:\/\/schema.org\/ImageObject\" ><div class=\"avia-image-container-inner\"><div class=\"avia-image-overlay-wrap\"><img decoding=\"async\" class='wp-image-345 avia-img-lazy-loading-not-345 avia_image' src=\"https:\/\/www.gruenderkompassrecht.de\/wp-content\/uploads\/2024\/08\/Artana_small-300x158.png\" alt='' title='Artana_small'  height=\"158\" width=\"300\"  itemprop=\"thumbnailUrl\" srcset=\"https:\/\/www.gruenderkompassrecht.de\/wp-content\/uploads\/2024\/08\/Artana_small-300x158.png 300w, https:\/\/www.gruenderkompassrecht.de\/wp-content\/uploads\/2024\/08\/Artana_small-1030x544.png 1030w, https:\/\/www.gruenderkompassrecht.de\/wp-content\/uploads\/2024\/08\/Artana_small-768x405.png 768w, https:\/\/www.gruenderkompassrecht.de\/wp-content\/uploads\/2024\/08\/Artana_small-1536x811.png 1536w, https:\/\/www.gruenderkompassrecht.de\/wp-content\/uploads\/2024\/08\/Artana_small-1500x792.png 1500w, https:\/\/www.gruenderkompassrecht.de\/wp-content\/uploads\/2024\/08\/Artana_small-710x375.png 710w, https:\/\/www.gruenderkompassrecht.de\/wp-content\/uploads\/2024\/08\/Artana_small-705x372.png 705w, https:\/\/www.gruenderkompassrecht.de\/wp-content\/uploads\/2024\/08\/Artana_small.png 1743w\" sizes=\"(max-width: 300px) 100vw, 300px\" \/><\/div><\/div><\/div><\/div>\n\n<style type=\"text\/css\" data-created_by=\"avia_inline_auto\" id=\"style-css-av-22gkuz-48f8cde46a705e1f8a11179d5cf200ec\">\n.flex_column.av-22gkuz-48f8cde46a705e1f8a11179d5cf200ec{\nborder-radius:0px 0px 0px 0px;\n-webkit-border-radius:0px 0px 0px 0px;\n-moz-border-radius:0px 0px 0px 0px;\n}\n<\/style>\n<div class='flex_column av-22gkuz-48f8cde46a705e1f8a11179d5cf200ec av_two_third  avia-builder-el-16  el_after_av_one_third  el_before_av_hr  flex_column_div av-zero-column-padding '   ><section  class='av_textblock_section av-6z4zf-8edabd21fea8d2a3848beb8f7ef11747'  itemscope=\"itemscope\" itemtype=\"https:\/\/schema.org\/CreativeWork\" ><div class='avia_textblock'  itemprop=\"text\" ><p><a href=\"http:\/\/www.artana.law\">ARTANA <\/a>ist eine Anwaltskanzlei mit Schwerpunkt auf Tech Law, IT Recht und das Recht des geistigen Eigentums (IP Recht).<\/p>\n<p>Unsere Aufgabe sehen wir darin, das geistige Eigentum unserer Mandanten (z.B. Marken, Urheberrechte) optimal abzusichern und die finanzielle Verwertung dieser Rechte von der Stunde \u201eNull\u201c beratend zu begleiten. Wir gestalten AGB, Nutzungsbedingungen, Lizenzvertr\u00e4ge und k\u00fcmmern uns um datenschutzrechtliche Compliance.<\/p>\n<p>Wir kennen uns bestens mit den Herausforderungen aus, die ein Start-Up zu bew\u00e4ltigen hat. Gerade weil die finanziellen Ressourcen in der Gr\u00fcndungsphase begrenzt sind, kommt es darauf an, die zur Verf\u00fcgung stehenden Mittel geschickt einzusetzen, um das eigene Business-Modell gegen Nachahmer abzusichern und den Grundstein f\u00fcr erfolgreiches Wachstum zu legen.<\/p>\n<p>Prof. Dr. Christian Rauda ist Fachanwalt f\u00fcr Urheber- und Medienrecht, Fachanwalt f\u00fcr IT-Recht, Fachanwalt f\u00fcr gewerblichen Rechtsschutz und verf\u00fcgt \u00fcber 20 Jahre anwaltlicher Erfahrung. Er ist Autor juristischer Fachb\u00fccher und Professor im Bereich Recht und Entrepreneurship.<\/p>\n<p><strong>ARTANA<\/strong><br \/>\nPartnerschaftsgesellschaft<br \/>\nAlstertwiete 3<br \/>\nD-20099 Hamburg<br \/>\nT: +49 40 537981260<br \/>\nE: <a href=\"mailto:rauda@artana.law\">rauda@artana.law<\/a><br \/>\nI: <a href=\"http:\/\/www.artana.law\" target=\"_blank\" rel=\"noopener\">www.artana.law<\/a><\/p>\n<\/div><\/section><\/div>\n<div  class='hr av-1q3wdf-f8f6f2a13f9052c02568fc1a8fcf3dea hr-default  avia-builder-el-18  el_after_av_two_third  el_before_av_one_third '><span class='hr-inner '><span class=\"hr-inner-style\"><\/span><\/span><\/div>\n\n<style type=\"text\/css\" data-created_by=\"avia_inline_auto\" id=\"style-css-av-1ni657-56c573310cfffcf8e0c73a538ed524b4\">\n.flex_column.av-1ni657-56c573310cfffcf8e0c73a538ed524b4{\nborder-radius:0px 0px 0px 0px;\n-webkit-border-radius:0px 0px 0px 0px;\n-moz-border-radius:0px 0px 0px 0px;\n}\n<\/style>\n<div class='flex_column av-1ni657-56c573310cfffcf8e0c73a538ed524b4 av_one_third  avia-builder-el-19  el_after_av_hr  el_before_av_two_third  first flex_column_div av-zero-column-padding '   ><style type=\"text\/css\" data-created_by=\"avia_inline_auto\" id=\"style-css-av-1g63yz-b3d0d5d9f67f60af7019b5a522bcf907\">\n.avia-image-container.av-1g63yz-b3d0d5d9f67f60af7019b5a522bcf907 .av-image-caption-overlay-center{\ncolor:#ffffff;\n}\n<\/style>\n<div  class='avia-image-container av-1g63yz-b3d0d5d9f67f60af7019b5a522bcf907 av-styling- avia-align-center  avia-builder-el-20  avia-builder-el-no-sibling '  itemprop=\"image\" itemscope=\"itemscope\" itemtype=\"https:\/\/schema.org\/ImageObject\" ><div class=\"avia-image-container-inner\"><div class=\"avia-image-overlay-wrap\"><img decoding=\"async\" class='wp-image-218 avia-img-lazy-loading-not-218 avia_image' src=\"https:\/\/www.gruenderkompassrecht.de\/wp-content\/uploads\/2016\/05\/Logo_RugeFehsenfeld.jpg\" alt='' title='Logo_RugeFehsenfeld'  height=\"125\" width=\"276\"  itemprop=\"thumbnailUrl\"  \/><\/div><\/div><\/div><\/div>\n\n<style type=\"text\/css\" data-created_by=\"avia_inline_auto\" id=\"style-css-av-1bell7-1f6174087ceff55bd8f79794b3b17c84\">\n.flex_column.av-1bell7-1f6174087ceff55bd8f79794b3b17c84{\nborder-radius:0px 0px 0px 0px;\n-webkit-border-radius:0px 0px 0px 0px;\n-moz-border-radius:0px 0px 0px 0px;\n}\n<\/style>\n<div class='flex_column av-1bell7-1f6174087ceff55bd8f79794b3b17c84 av_two_third  avia-builder-el-21  el_after_av_one_third  el_before_av_hr  flex_column_div av-zero-column-padding '   ><section  class='av_textblock_section av-10ltg3-d0adf1e0cec783286dbf9489ee3f79f3'  itemscope=\"itemscope\" itemtype=\"https:\/\/schema.org\/CreativeWork\" ><div class='avia_textblock'  itemprop=\"text\" ><p><a href=\"http:\/\/www.rugefehsenfeld.de\/\" target=\"_blank\" rel=\"noopener\">RUGE FEHSENFELD<\/a> ist eine ausschlie\u00dflich auf das Steuerrecht spezialisierten Kanzlei, in der Steuerjuristen und Steuerberater in einem erfahrenen Team vertrauensvoll zusammenwirken.<\/p>\n<p>Zu unseren Mandanten z\u00e4hlen etablierte mittelst\u00e4ndische Unternehmen in allen Rechtsformen von der GbR bis zur Aktiengesellschaft, aber auch zahlreiche Unternehmen in der \u201eStartphase\u201c. Ein wesentlicher T\u00e4tigkeitsschwerpunkt der Kanzlei liegt in der umfassenden steuerlichen und betriebswirtschaftlichen Beratung von Unternehmensgr\u00fcndern.<\/p>\n<p>Konkret werden Startups bei ihrer Gr\u00fcndung u.a. bei der Wahl der Rechtsform aus steuerlicher Sicht, der Erstellung eines Businessplans, der Einwerbung von F\u00f6rdermitteln, den steuerlichen Anmeldungen, der Erstellung einer Ertragsvorschau, der erstmaligen Einrichtung der Finanz- und Lohnbuchhaltung sowie bei Finanzierungsgespr\u00e4chen unterst\u00fctzt. W\u00e4hrend der operativen Phase helfen wir auf Grundlage der Betriebswirtschaftlichen Auswertungen (BWA) bei der unternehmerischen Entscheidungsfindung und zeigen m\u00f6gliche steuerliche Gestaltungsm\u00f6glichkeiten auf.<\/p>\n<p>Die drei Partner Peter Ruge, Bastian Ruge und Sascha Fehsenfeld haben jeweils langj\u00e4hrig Erfahrung auf dem Gebiet des Steuerrechts sammeln k\u00f6nnen, sei es in der Finanzverwaltung, bei Gro\u00dfkanzleien oder in der klassischen Steuerberatung. Diese Erfahrung und nicht zuletzt die Freude an der Materie kommen unseren Mandanten zugute.<\/p>\n<p><strong>RUGE FEHSENFELD Partnerschaft mbB<\/strong><br \/>\nRechtsanw\u00e4lte | Steuerberater | Fachanw\u00e4lte<br \/>\nEssener Bogen 23<br \/>\n22419 Hamburg<br \/>\nT: +49 40 52 84 03 0<br \/>\nF: +49 40 52 84 03 10<br \/>\nE: <a href=\"mailto:info@rugefehsenfeld.de\">info@rugefehsenfeld.de<\/a><br \/>\nI: <a href=\"http:\/\/www.rugefehsenfeld.de\" target=\"_blank\" rel=\"noopener\">http:\/\/www.rugefehsenfeld.de<\/a><\/p>\n<\/div><\/section><\/div>\n<div  class='hr av-yf8qr-894b0503ccd6f5c0eb1b6a887a25bacb hr-default  avia-builder-el-23  el_after_av_two_third  el_before_av_one_third '><span class='hr-inner '><span class=\"hr-inner-style\"><\/span><\/span><\/div>\n\n<style type=\"text\/css\" data-created_by=\"avia_inline_auto\" id=\"style-css-av-tbk37-278f8ccd13fd7ce897abe4025692f1ad\">\n.flex_column.av-tbk37-278f8ccd13fd7ce897abe4025692f1ad{\nborder-radius:0px 0px 0px 0px;\n-webkit-border-radius:0px 0px 0px 0px;\n-moz-border-radius:0px 0px 0px 0px;\n}\n<\/style>\n<div class='flex_column av-tbk37-278f8ccd13fd7ce897abe4025692f1ad av_one_third  avia-builder-el-24  el_after_av_hr  el_before_av_two_third  first flex_column_div av-zero-column-padding '   ><style type=\"text\/css\" data-created_by=\"avia_inline_auto\" id=\"style-css-av-j4w8r-21e1daab62e1bec4b3084d98f4a5e972\">\n.avia-image-container.av-j4w8r-21e1daab62e1bec4b3084d98f4a5e972 .av-image-caption-overlay-center{\ncolor:#ffffff;\n}\n<\/style>\n<div  class='avia-image-container av-j4w8r-21e1daab62e1bec4b3084d98f4a5e972 av-styling- avia-align-center  avia-builder-el-25  avia-builder-el-no-sibling '  itemprop=\"image\" itemscope=\"itemscope\" itemtype=\"https:\/\/schema.org\/ImageObject\" ><div class=\"avia-image-container-inner\"><div class=\"avia-image-overlay-wrap\"><img decoding=\"async\" class='wp-image-163 avia-img-lazy-loading-not-163 avia_image' src=\"https:\/\/www.gruenderkompassrecht.de\/wp-content\/uploads\/2016\/04\/image001-300x150.jpg\" alt='' title='RPS Stahmer'  height=\"150\" width=\"300\"  itemprop=\"thumbnailUrl\"  \/><\/div><\/div><\/div><\/div>\n\n<style type=\"text\/css\" data-created_by=\"avia_inline_auto\" id=\"style-css-av-e31y3-2c69013f1189e0ff7e05484b87017c9c\">\n.flex_column.av-e31y3-2c69013f1189e0ff7e05484b87017c9c{\nborder-radius:0px 0px 0px 0px;\n-webkit-border-radius:0px 0px 0px 0px;\n-moz-border-radius:0px 0px 0px 0px;\n}\n<\/style>\n<div class='flex_column av-e31y3-2c69013f1189e0ff7e05484b87017c9c av_two_third  avia-builder-el-26  el_after_av_one_third  avia-builder-el-last  flex_column_div av-zero-column-padding '   ><section  class='av_textblock_section av-8imo3-32f4b1c2c155c59da2d43a150de03447'  itemscope=\"itemscope\" itemtype=\"https:\/\/schema.org\/CreativeWork\" ><div class='avia_textblock'  itemprop=\"text\" ><p class=\"p1\"><span class=\"s1\"><a href=\"http:\/\/www.rps-stahmer.de\/\" target=\"_blank\" rel=\"noopener\">RPS Stahmer<\/a><\/span><span class=\"s2\"> ist eine auf das Arbeitsrecht spezialisierte Kanzlei, die auf s\u00e4mtlichen Gebieten des Arbeitsrechts ber\u00e4t, Unternehmen bei den im Tagesgesch\u00e4ft anfallenden arbeitsrechtlichen Fragen unterst\u00fctzt sowie zahlreiche komplexe Restrukturierungen und Unternehmenstransaktionen arbeitsrechtlich begleitet.<\/span><\/p>\n<p class=\"p1\">Unsere Mandanten, die wir bundesweit beraten und vertreten, reichen von internationalen Konzernunternehmen bis hin zu mittelst\u00e4ndischen Firmen aus unterschiedlichen Branchen. Unsere Beratung und Vertretung von F\u00fchrungskr\u00e4ften umfasst alle Hierarchieebenen \u2013 Vorstandsmitglieder, Gesch\u00e4ftsf\u00fchrer sowie Arbeitnehmer\/innen in F\u00fchrungspositionen.<\/p>\n<p class=\"p1\"><span class=\"s2\">Dr. Peter Deeg ist Rechtsanwalt bei RPS Stahmer. Er war zuvor in einem gro\u00dfen Handelsunternehmen t\u00e4tig, zun\u00e4chst als Arbeitsrechtler, dann als Personalleiter, und kennt beide Seiten der Beratungspraxis.<\/span><\/p>\n<p class=\"p1\"><strong>RPS Stahmer<\/strong><br \/>\nB\u00fcschstra\u00dfe 12<br \/>\n20354 Hamburg<br \/>\nTelefon:+49 40 32 33 24 0<br \/>\nTelefax:+49 40 32 33 24 11<br \/>\nE: <a href=\"mailto:p.deeg@rps-stahmer.de\">p.deeg@rps-stahmer.de<\/a><br \/>\nI: <a href=\"http:\/\/www.rps-stahmer.de\" target=\"_blank\" rel=\"noopener\">http:\/\/www.rps-stahmer.de<\/a><\/p>\n<\/div><\/section><\/div>\n","protected":false},"excerpt":{"rendered":"","protected":false},"author":1,"featured_media":0,"parent":0,"menu_order":0,"comment_status":"closed","ping_status":"closed","template":"","meta":{"footnotes":""},"class_list":["post-115","page","type-page","status-publish","hentry"],"_links":{"self":[{"href":"https:\/\/www.gruenderkompassrecht.de\/de\/wp-json\/wp\/v2\/pages\/115","targetHints":{"allow":["GET"]}}],"collection":[{"href":"https:\/\/www.gruenderkompassrecht.de\/de\/wp-json\/wp\/v2\/pages"}],"about":[{"href":"https:\/\/www.gruenderkompassrecht.de\/de\/wp-json\/wp\/v2\/types\/page"}],"author":[{"embeddable":true,"href":"https:\/\/www.gruenderkompassrecht.de\/de\/wp-json\/wp\/v2\/users\/1"}],"replies":[{"embeddable":true,"href":"https:\/\/www.gruenderkompassrecht.de\/de\/wp-json\/wp\/v2\/comments?post=115"}],"version-history":[{"count":47,"href":"https:\/\/www.gruenderkompassrecht.de\/de\/wp-json\/wp\/v2\/pages\/115\/revisions"}],"predecessor-version":[{"id":405,"href":"https:\/\/www.gruenderkompassrecht.de\/de\/wp-json\/wp\/v2\/pages\/115\/revisions\/405"}],"wp:attachment":[{"href":"https:\/\/www.gruenderkompassrecht.de\/de\/wp-json\/wp\/v2\/media?parent=115"}],"curies":[{"name":"wp","href":"https:\/\/api.w.org\/{rel}","templated":true}]}}